{"id":1363,"date":"2021-12-17T10:55:49","date_gmt":"2021-12-17T10:55:49","guid":{"rendered":"https:\/\/new.thehealthyworker.co\/covid\/"},"modified":"2024-12-06T20:53:32","modified_gmt":"2024-12-06T20:53:32","slug":"covid","status":"publish","type":"page","link":"https:\/\/new.thehealthyworker.co\/es\/covid\/","title":{"rendered":"Covid"},"content":{"rendered":"<h2>Protocolos COVID-19<\/h2>\n<div>\n<p>Puede proteger a su familia y amigos aisl\u00e1ndose despu\u00e9s de haber estado expuesto al virus SARS-COV2. Pero, \u00bfc\u00f3mo sabe cu\u00e1ndo puede volver a casa o al trabajo? Revise los consejos a continuaci\u00f3n y siempre hable sobre su protocolo de aislamiento con sus cuidadores m\u00e9dicos y siga sus instrucciones al pie de la letra.<\/p>\n<\/div>\n<h4>Protocolos de aislamiento<\/h4>\n<div>\n<p>Siempre consulte las pautas de los CDC para conocer las \u00faltimas recomendaciones. A continuaci\u00f3n, se incluyen algunos puntos clave que lo ayudar\u00e1n a comprender cu\u00e1ndo finalizar el aislamiento:<\/p>\n<ul>\n<li style=\"font-weight: 400;\" aria-level=\"1\">Los adultos y los ni\u00f1os con SARS-CoV-2 sintom\u00e1tico, que causa COVID-19, pueden interrumpir el aislamiento 10 d\u00edas despu\u00e9s de que aparezcan los primeros s\u00edntomas y al menos 24 horas despu\u00e9s de que haya desaparecido la fiebre.<\/li>\n<li style=\"font-weight: 400;\" aria-level=\"1\">\u00bfNecesit\u00f3 cuidados intensivos, hospitalizaci\u00f3n, asistencia respiratoria u otro tratamiento por una enfermedad grave debido a COVID-19? Hable con su m\u00e9dico sobre las precauciones adicionales para su caso particular.<\/li>\n<li style=\"font-weight: 400;\" aria-level=\"1\">\u00bfTiene COVID-19 asintom\u00e1tico? Mantenga el aislamiento y las precauciones durante 10 d\u00edas despu\u00e9s de su primera prueba positiva.<\/li>\n<li style=\"font-weight: 400;\" aria-level=\"1\">Tenga en cuenta que los pacientes que se recuperan de COVID-19 pueden tener ARN del SARS CoV-2 en muestras de las v\u00edas respiratorias superiores durante 3 meses despu\u00e9s de enfermarse por primera vez. Sin embargo, no es probable que se infecten. Por lo tanto, usar una prueba negativa como requisito para determinar cu\u00e1ndo finalizar el aislamiento puede no ser siempre \u00fatil.<\/li>\n<\/ul>\n<\/div>\n<h4>\u00bfQu\u00e9 pasa con los s\u00edntomas posteriores al Covid-19?<\/h4>\n<div>\n<p>El t\u00e9rmino \u00abAfecciones pos-COVID\u00bb o \u00abCOVID prolongado\u00bb se refiere a problemas de salud f\u00edsica y mental que surgen cuatro o m\u00e1s semanas despu\u00e9s de la infecci\u00f3n por SARS-CoV-2. Los pacientes previamente asintom\u00e1ticos tambi\u00e9n pueden desarrollar estas afecciones tard\u00edas.<\/p>\n<p>Muchas afecciones pos-COVID pueden ser tratadas por su proveedor de atenci\u00f3n primaria y no requerir\u00e1n atenci\u00f3n de emergencia o especializada. Aseg\u00farese de analizar todos sus s\u00edntomas con su m\u00e9dico de atenci\u00f3n primaria para ayudar a comprender si podr\u00edan estar relacionados con su infecci\u00f3n por SARS-CoV2 o deben a otra enfermedad.<\/p>\n<p>M\u00e1s all\u00e1 de los resultados de laboratorio y otras pruebas, los proveedores m\u00e9dicos deben considerar otras evaluaciones del bienestar de un paciente. Por ejemplo, la falta de resultados de laboratorio o im\u00e1genes no invalida los s\u00edntomas o afecciones del paciente.<\/p>\n<p>Usted y sus proveedores de atenci\u00f3n m\u00e9dica deben trabajar juntos para establecer objetivos alcanzables relacionados con sus s\u00edntomas o afecciones espec\u00edficos. Es importante tener un plan de manejo que aborde sus necesidades y bienestar de salud f\u00edsica, social y mental \u00fanicos.<\/p>\n<p>Los profesionales m\u00e9dicos a\u00fan tienen dificultades para comprender las posibles afecciones pos-COVID. Las pautas seguir\u00e1n cambiando a medida que se acumulen evidencias y evolucione nuestra comprensi\u00f3n.<\/p>\n<p>Los recursos confiables para el seguimiento del SARS-CoV2 incluyen el mapa de COVID-19 de Johns Hopkins y el panel de coronavirus (COVID-19) de la OMS.<\/p>\n<p>El Departamento de Salud de Washington tiene informaci\u00f3n actualizada sobre los sitios de prueba y vacunaci\u00f3n de COVID, as\u00ed como otras opciones de l\u00ednea directa:<\/p>\n<p><a href=\"https:\/\/www.doh.wa.gov\/Emergencies\/COVID19\/Vaccine\">https:\/\/www.doh.wa.gov\/Emergencies\/COVID19\/Vaccine<\/a><\/p>\n<\/div>\n<h4>Enlaces \u00fatiles<\/h4>\n<div>\n<p><span>Pautas de los CDC para empresas y empleadores: <a href=\"https:\/\/www.cdc.gov\/coronavirus\/2019-ncov\/community\/guidance-business-response.html\">Orientaci\u00f3n sobre la COVID-19: empresas y empleadores | CDC <\/a><\/span><\/p>\n<p><span>Calcule su per\u00edodo de aislamiento con la calculadora de COVID-19 de Washington Enlace: <a href=\"https:\/\/www.doh.wa.gov\/Emergencies\/COVID19\/CaseInvestigationsandContactTracing\/IsolationandQuarantineforCOVID19\/Calculator\">Calculadora Departamento de Salud del Estado de Washington <\/a><\/span><\/p>\n<p><span>Investigaci\u00f3n de casos y rastreo de contactos: <a href=\"https:\/\/www.doh.wa.gov\/Emergencies\/COVID19\/CaseinvestigationsandContactTracing\/Isolatio%20nandQuarantineforCOVID19\">Investigaciones de casos y rastreo de contactos: Departamento de Salud del Estado de Washington <\/a><\/span><\/p>\n<p><span>Sitio web del Departamento de Salud: link <a href=\"https:\/\/www.doh.wa.gov\/\">https:\/\/www.doh.wa.gov\/ <\/a><\/span><\/p>\n<p><span>Tarjeta electr\u00f3nica de vacunaci\u00f3n: <a href=\"https:\/\/waverify.doh.wa.gov\/faq\">Registro digital de vacunaci\u00f3n contra la COVID-19 (wa.gov) <\/a><\/span><\/p>\n<p><span>Localizador de centros de vacunaci\u00f3n: <a href=\"https:\/\/www.doh.wa.gov\/Emergencies\/COVID19\/Vaccinelnformation\/VaccinationVerification\">COVID-19 :: Departamento de Salud del Estado de Washington <\/a><\/span><\/p>\n<p><span>Respuesta al coronavirus del estado de Washington (COVID-19):<a href=\"https:\/\/coronavirus.wa.gov\/\">Respuesta al coronavirus del estado de Washington (COVID-19)<\/a><\/span><\/p>\n<\/div>\n<p><img decoding=\"async\" src=\"\/wp-content\/uploads\/2022\/04\/COVID-Secondary-Image-01.png\" alt=\"\"><\/p>\n<p><!--more--><br \/>\n<!-- {\"type\":\"layout\",\"children\":[{\"type\":\"section\",\"props\":{\"class\":\"ws-medical-banner\",\"image\":\"wp-content\\\/uploads\\\/2022\\\/04\\\/Covid19-Banner-01.png\",\"image_position\":\"center-center\",\"image_size\":\"cover\",\"media_overlay\":\"rgba(25, 25, 25, 0.5)\",\"padding\":\"large\",\"style\":\"default\",\"title_breakpoint\":\"xl\",\"title_position\":\"top-left\",\"title_rotation\":\"left\",\"vertical_align\":\"\",\"width\":\"large\"},\"children\":[{\"type\":\"row\",\"children\":[{\"type\":\"column\",\"props\":{\"image_position\":\"center-center\",\"position_sticky_breakpoint\":\"m\"},\"children\":[{\"type\":\"headline\",\"props\":{\"content\":\"Protocolos COVID-19\",\"text_align\":\"center\",\"title_element\":\"h2\"}},{\"type\":\"text\",\"props\":{\"block_align\":\"center\",\"column_breakpoint\":\"m\",\"content\":\"\n\n<p>Puede proteger a su familia y amigos aisl\\u00e1ndose despu\\u00e9s de haber estado expuesto al virus SARS-COV2. Pero, \\u00bfc\\u00f3mo sabe cu\\u00e1ndo puede volver a casa o al trabajo? Revise los consejos a continuaci\\u00f3n y siempre hable sobre su protocolo de aislamiento con sus cuidadores m\\u00e9dicos y siga sus instrucciones al pie de la letra.<\\\/p>\",\"margin\":\"default\",\"maxwidth\":\"xlarge\",\"text_align\":\"center\"}}]}]}],\"modified\":\"2021-12-20T18:37:47.600Z\",\"name\":\"top-banner\"},{\"type\":\"section\",\"props\":{\"image_position\":\"center-center\",\"padding\":\"large\",\"style\":\"default\",\"title_breakpoint\":\"xl\",\"title_position\":\"top-left\",\"title_rotation\":\"left\",\"vertical_align\":\"\",\"width\":\"default\"},\"children\":[{\"type\":\"row\",\"children\":[{\"type\":\"column\",\"props\":{\"image_position\":\"center-center\",\"position_sticky_breakpoint\":\"m\"},\"children\":[{\"type\":\"headline\",\"props\":{\"content\":\"Protocolos de aislamiento\",\"title_color\":\"muted\",\"title_element\":\"h4\"}},{\"type\":\"text\",\"props\":{\"column_breakpoint\":\"m\",\"content\":\"\n\n<p>Siempre consulte las pautas de los CDC para conocer las \\u00faltimas recomendaciones. A continuaci\\u00f3n, se incluyen algunos puntos clave que lo ayudar\\u00e1n a comprender cu\\u00e1ndo finalizar el aislamiento:<\\\/p>\\n\n\n<ul>\\n\n\n<li style=\\\"font-weight: 400;\\\" aria-level=\\\"1\\\">Los adultos y los ni\\u00f1os con SARS-CoV-2 sintom\\u00e1tico, que causa COVID-19, pueden interrumpir el aislamiento 10 d\\u00edas despu\\u00e9s de que aparezcan los primeros s\\u00edntomas y al menos 24 horas despu\\u00e9s de que haya desaparecido la fiebre.<\\\/li>\\n\n\n<li style=\\\"font-weight: 400;\\\" aria-level=\\\"1\\\">\\u00bfNecesit\\u00f3 cuidados intensivos, hospitalizaci\\u00f3n, asistencia respiratoria u otro tratamiento por una enfermedad grave debido a COVID-19? Hable con su m\\u00e9dico sobre las precauciones adicionales para su caso particular.<\\\/li>\\n\n\n<li style=\\\"font-weight: 400;\\\" aria-level=\\\"1\\\">\\u00bfTiene COVID-19 asintom\\u00e1tico? Mantenga el aislamiento y las precauciones durante 10 d\\u00edas despu\\u00e9s de su primera prueba positiva.<\\\/li>\\n\n\n<li style=\\\"font-weight: 400;\\\" aria-level=\\\"1\\\">Tenga en cuenta que los pacientes que se recuperan de COVID-19 pueden tener ARN del SARS CoV-2 en muestras de las v\\u00edas respiratorias superiores durante 3 meses despu\\u00e9s de enfermarse por primera vez. Sin embargo, no es probable que se infecten. Por lo tanto, usar una prueba negativa como requisito para determinar cu\\u00e1ndo finalizar el aislamiento puede no ser siempre \\u00fatil.<\\\/li>\\n<\\\/ul>\",\"margin\":\"default\",\"text_color\":\"emphasis\"}},{\"type\":\"headline\",\"props\":{\"content\":\"\\u00bfQu\\u00e9 pasa con los s\\u00edntomas posteriores al Covid-19?\",\"title_color\":\"muted\",\"title_element\":\"h4\"}},{\"type\":\"text\",\"props\":{\"column_breakpoint\":\"m\",\"content\":\"\n\n<p>El t\\u00e9rmino \\\"Afecciones pos-COVID\\\" o \\\"COVID prolongado\\\" se refiere a problemas de salud f\\u00edsica y mental que surgen cuatro o m\\u00e1s semanas despu\\u00e9s de la infecci\\u00f3n por SARS-CoV-2. Los pacientes previamente asintom\\u00e1ticos tambi\\u00e9n pueden desarrollar estas afecciones tard\\u00edas.<\\\/p>\\n\n\n<p>Muchas afecciones pos-COVID pueden ser tratadas por su proveedor de atenci\\u00f3n primaria y no requerir\\u00e1n atenci\\u00f3n de emergencia o especializada. Aseg\\u00farese de analizar todos sus s\\u00edntomas con su m\\u00e9dico de atenci\\u00f3n primaria para ayudar a comprender si podr\\u00edan estar relacionados con su infecci\\u00f3n por SARS-CoV2 o deben a otra enfermedad.<\\\/p>\\n\n\n<p>M\\u00e1s all\\u00e1 de los resultados de laboratorio y otras pruebas, los proveedores m\\u00e9dicos deben considerar otras evaluaciones del bienestar de un paciente. Por ejemplo, la falta de resultados de laboratorio o im\\u00e1genes no invalida los s\\u00edntomas o afecciones del paciente.<\\\/p>\\n\n\n<p>Usted y sus proveedores de atenci\\u00f3n m\\u00e9dica deben trabajar juntos para establecer objetivos alcanzables relacionados con sus s\\u00edntomas o afecciones espec\\u00edficos. Es importante tener un plan de manejo que aborde sus necesidades y bienestar de salud f\\u00edsica, social y mental \\u00fanicos.<\\\/p>\\n\n\n<p>Los profesionales m\\u00e9dicos a\\u00fan tienen dificultades para comprender las posibles afecciones pos-COVID. Las pautas seguir\\u00e1n cambiando a medida que se acumulen evidencias y evolucione nuestra comprensi\\u00f3n.<\\\/p>\\n\n\n<p>Los recursos confiables para el seguimiento del SARS-CoV2 incluyen el mapa de COVID-19 de Johns Hopkins y el panel de coronavirus (COVID-19) de la OMS.<\\\/p>\\n\n\n<p>El Departamento de Salud de Washington tiene informaci\\u00f3n actualizada sobre los sitios de prueba y vacunaci\\u00f3n de COVID, as\\u00ed como otras opciones de l\\u00ednea directa:<\\\/p>\\n\n\n<p><a href=\\\"https:\\\/\\\/www.doh.wa.gov\\\/Emergencies\\\/COVID19\\\/Vaccine\\\">https:\\\/\\\/www.doh.wa.gov\\\/Emergencies\\\/COVID19\\\/Vaccine<\\\/a><\\\/p>\",\"margin\":\"default\",\"text_color\":\"emphasis\"}}]}]}]},{\"type\":\"section\",\"props\":{\"image_position\":\"center-center\",\"padding\":\"large\",\"padding_remove_top\":true,\"style\":\"default\",\"title_breakpoint\":\"xl\",\"title_position\":\"top-left\",\"title_rotation\":\"left\",\"vertical_align\":\"\",\"width\":\"default\"},\"children\":[{\"type\":\"row\",\"props\":{\"layout\":\"1-2,1-2\"},\"children\":[{\"type\":\"column\",\"props\":{\"image_position\":\"center-center\",\"position_sticky_breakpoint\":\"m\",\"width_medium\":\"2-3\"},\"children\":[{\"type\":\"headline\",\"props\":{\"content\":\"Enlaces \\u00fatiles\",\"title_color\":\"muted\",\"title_element\":\"h4\"}},{\"type\":\"text\",\"props\":{\"column_breakpoint\":\"m\",\"content\":\"\n\n<p><span>Pautas de los CDC para empresas y empleadores: <a href=\\\"https:\\\/\\\/www.cdc.gov\\\/coronavirus\\\/2019-ncov\\\/community\\\/guidance-business-response.html\\\">Orientaci\\u00f3n sobre la COVID-19: empresas y empleadores | CDC <\\\/a><\\\/span><\\\/p>\\n\n\n<p><span>Calcule su per\\u00edodo de aislamiento con la calculadora de COVID-19 de Washington Enlace: <a href=\\\"https:\\\/\\\/www.doh.wa.gov\\\/Emergencies\\\/COVID19\\\/CaseInvestigationsandContactTracing\\\/IsolationandQuarantineforCOVID19\\\/Calculator\\\">Calculadora Departamento de Salud del Estado de Washington <\\\/a><\\\/span><\\\/p>\\n\n\n<p><span>Investigaci\\u00f3n de casos y rastreo de contactos: <a href=\\\"https:\\\/\\\/www.doh.wa.gov\\\/Emergencies\\\/COVID19\\\/CaseinvestigationsandContactTracing\\\/Isolatio%20nandQuarantineforCOVID19\\\">Investigaciones de casos y rastreo de contactos: Departamento de Salud del Estado de Washington <\\\/a><\\\/span><\\\/p>\\n\n\n<p><span>Sitio web del Departamento de Salud: link <a href=\\\"https:\\\/\\\/www.doh.wa.gov\\\/\\\">https:\\\/\\\/www.doh.wa.gov\\\/ <\\\/a><\\\/span><\\\/p>\\n\n\n<p><span>Tarjeta electr\\u00f3nica de vacunaci\\u00f3n: <a href=\\\"https:\\\/\\\/waverify.doh.wa.gov\\\/faq\\\">Registro digital de vacunaci\\u00f3n contra la COVID-19 (wa.gov) <\\\/a><\\\/span><\\\/p>\\n\n\n<p><span>Localizador de centros de vacunaci\\u00f3n: <a href=\\\"https:\\\/\\\/www.doh.wa.gov\\\/Emergencies\\\/COVID19\\\/Vaccinelnformation\\\/VaccinationVerification\\\">COVID-19 :: Departamento de Salud del Estado de Washington <\\\/a><\\\/span><\\\/p>\\n\n\n<p><span>Respuesta al coronavirus del estado de Washington (COVID-19):<a href=\\\"https:\\\/\\\/coronavirus.wa.gov\\\/\\\">Respuesta al coronavirus del estado de Washington (COVID-19)<\\\/a><\\\/span><\\\/p>\",\"margin\":\"default\",\"text_color\":\"emphasis\"}}]},{\"type\":\"column\",\"props\":{\"class\":\"ws-covid-image\",\"image_position\":\"center-center\",\"position_sticky_breakpoint\":\"m\",\"width_medium\":\"1-3\"},\"children\":[{\"type\":\"image\",\"props\":{\"image\":\"wp-content\\\/uploads\\\/2022\\\/04\\\/COVID-Secondary-Image-01.png\",\"image_border\":\"rounded\",\"image_svg_color\":\"emphasis\",\"margin\":\"default\"}}]}]}]}],\"version\":\"4.4.16\"} --><\/p>\n","protected":false},"excerpt":{"rendered":"<p>Protocolos COVID-19 Puede proteger a su familia y amigos aisl\u00e1ndose despu\u00e9s de haber estado expuesto al virus SARS-COV2. Pero, \u00bfc\u00f3mo sabe cu\u00e1ndo puede volver a casa o al trabajo? Revise los consejos a continuaci\u00f3n y siempre hable sobre su protocolo de aislamiento con sus cuidadores m\u00e9dicos y siga sus instrucciones al pie de la letra. [&hellip;]<\/p>\n","protected":false},"author":1,"featured_media":0,"parent":0,"menu_order":0,"comment_status":"closed","ping_status":"closed","template":"","meta":{"footnotes":""},"class_list":["post-1363","page","type-page","status-publish","hentry"],"yoast_head":"<!-- This site is optimized with the Yoast SEO plugin v27.4 - https:\/\/yoast.com\/product\/yoast-seo-wordpress\/ -->\n<title>Protocolos COVID-19 | El Trabajador Sano | 509-895-7340<\/title>\n<meta name=\"description\" content=\"Puedes proteger a tu familia y amigos autoaisl\u00e1ndote despu\u00e9s de haber estado expuesto al virus SARS-COV2. Pero, \u00bfc\u00f3mo sabes cu\u00e1ndo est\u00e1 bien volver a casa o al trabajo? Inf\u00f3rmate hoy mismo sobre nuestros protocolos.\" \/>\n<meta name=\"robots\" content=\"index, follow, max-snippet:-1, max-image-preview:large, max-video-preview:-1\" \/>\n<link rel=\"canonical\" href=\"https:\/\/new.thehealthyworker.co\/es\/covid\/\" \/>\n<meta property=\"og:locale\" content=\"es_ES\" \/>\n<meta property=\"og:type\" content=\"article\" \/>\n<meta property=\"og:title\" content=\"Protocolos COVID-19 | El Trabajador Sano | 509-895-7340\" \/>\n<meta property=\"og:description\" content=\"Puedes proteger a tu familia y amigos autoaisl\u00e1ndote despu\u00e9s de haber estado expuesto al virus SARS-COV2. Pero, \u00bfc\u00f3mo sabes cu\u00e1ndo est\u00e1 bien volver a casa o al trabajo? Inf\u00f3rmate hoy mismo sobre nuestros protocolos.\" \/>\n<meta property=\"og:url\" content=\"https:\/\/new.thehealthyworker.co\/es\/covid\/\" \/>\n<meta property=\"og:site_name\" content=\"WSI Action Hosting - new.thehealthyworker.co\" \/>\n<meta property=\"article:modified_time\" content=\"2024-12-06T20:53:32+00:00\" \/>\n<meta name=\"twitter:card\" content=\"summary_large_image\" \/>\n<meta name=\"twitter:label1\" content=\"Tiempo de lectura\" \/>\n\t<meta name=\"twitter:data1\" content=\"3 minutos\" \/>\n<script type=\"application\/ld+json\" class=\"yoast-schema-graph\">{\"@context\":\"https:\\\/\\\/schema.org\",\"@graph\":[{\"@type\":\"WebPage\",\"@id\":\"https:\\\/\\\/new.thehealthyworker.co\\\/es\\\/covid\\\/\",\"url\":\"https:\\\/\\\/new.thehealthyworker.co\\\/es\\\/covid\\\/\",\"name\":\"Protocolos COVID-19 | El Trabajador Sano | 509-895-7340\",\"isPartOf\":{\"@id\":\"https:\\\/\\\/new.thehealthyworker.co\\\/es\\\/#website\"},\"datePublished\":\"2021-12-17T10:55:49+00:00\",\"dateModified\":\"2024-12-06T20:53:32+00:00\",\"description\":\"Puedes proteger a tu familia y amigos autoaisl\u00e1ndote despu\u00e9s de haber estado expuesto al virus SARS-COV2. Pero, \u00bfc\u00f3mo sabes cu\u00e1ndo est\u00e1 bien volver a casa o al trabajo? Inf\u00f3rmate hoy mismo sobre nuestros protocolos.\",\"breadcrumb\":{\"@id\":\"https:\\\/\\\/new.thehealthyworker.co\\\/es\\\/covid\\\/#breadcrumb\"},\"inLanguage\":\"es\",\"potentialAction\":[{\"@type\":\"ReadAction\",\"target\":[\"https:\\\/\\\/new.thehealthyworker.co\\\/es\\\/covid\\\/\"]}]},{\"@type\":\"BreadcrumbList\",\"@id\":\"https:\\\/\\\/new.thehealthyworker.co\\\/es\\\/covid\\\/#breadcrumb\",\"itemListElement\":[{\"@type\":\"ListItem\",\"position\":1,\"name\":\"Home\",\"item\":\"https:\\\/\\\/new.thehealthyworker.co\\\/es\\\/inicio\\\/\"},{\"@type\":\"ListItem\",\"position\":2,\"name\":\"Covid\"}]},{\"@type\":\"WebSite\",\"@id\":\"https:\\\/\\\/new.thehealthyworker.co\\\/es\\\/#website\",\"url\":\"https:\\\/\\\/new.thehealthyworker.co\\\/es\\\/\",\"name\":\"WSI Action Hosting - new.thehealthyworker.co\",\"description\":\"Google Web Host\",\"potentialAction\":[{\"@type\":\"SearchAction\",\"target\":{\"@type\":\"EntryPoint\",\"urlTemplate\":\"https:\\\/\\\/new.thehealthyworker.co\\\/es\\\/?s={search_term_string}\"},\"query-input\":{\"@type\":\"PropertyValueSpecification\",\"valueRequired\":true,\"valueName\":\"search_term_string\"}}],\"inLanguage\":\"es\"}]}<\/script>\n<!-- \/ Yoast SEO plugin. -->","yoast_head_json":{"title":"Protocolos COVID-19 | El Trabajador Sano | 509-895-7340","description":"Puedes proteger a tu familia y amigos autoaisl\u00e1ndote despu\u00e9s de haber estado expuesto al virus SARS-COV2. Pero, \u00bfc\u00f3mo sabes cu\u00e1ndo est\u00e1 bien volver a casa o al trabajo? Inf\u00f3rmate hoy mismo sobre nuestros protocolos.","robots":{"index":"index","follow":"follow","max-snippet":"max-snippet:-1","max-image-preview":"max-image-preview:large","max-video-preview":"max-video-preview:-1"},"canonical":"https:\/\/new.thehealthyworker.co\/es\/covid\/","og_locale":"es_ES","og_type":"article","og_title":"Protocolos COVID-19 | El Trabajador Sano | 509-895-7340","og_description":"Puedes proteger a tu familia y amigos autoaisl\u00e1ndote despu\u00e9s de haber estado expuesto al virus SARS-COV2. Pero, \u00bfc\u00f3mo sabes cu\u00e1ndo est\u00e1 bien volver a casa o al trabajo? Inf\u00f3rmate hoy mismo sobre nuestros protocolos.","og_url":"https:\/\/new.thehealthyworker.co\/es\/covid\/","og_site_name":"WSI Action Hosting - new.thehealthyworker.co","article_modified_time":"2024-12-06T20:53:32+00:00","twitter_card":"summary_large_image","twitter_misc":{"Tiempo de lectura":"3 minutos"},"schema":{"@context":"https:\/\/schema.org","@graph":[{"@type":"WebPage","@id":"https:\/\/new.thehealthyworker.co\/es\/covid\/","url":"https:\/\/new.thehealthyworker.co\/es\/covid\/","name":"Protocolos COVID-19 | El Trabajador Sano | 509-895-7340","isPartOf":{"@id":"https:\/\/new.thehealthyworker.co\/es\/#website"},"datePublished":"2021-12-17T10:55:49+00:00","dateModified":"2024-12-06T20:53:32+00:00","description":"Puedes proteger a tu familia y amigos autoaisl\u00e1ndote despu\u00e9s de haber estado expuesto al virus SARS-COV2. Pero, \u00bfc\u00f3mo sabes cu\u00e1ndo est\u00e1 bien volver a casa o al trabajo? Inf\u00f3rmate hoy mismo sobre nuestros protocolos.","breadcrumb":{"@id":"https:\/\/new.thehealthyworker.co\/es\/covid\/#breadcrumb"},"inLanguage":"es","potentialAction":[{"@type":"ReadAction","target":["https:\/\/new.thehealthyworker.co\/es\/covid\/"]}]},{"@type":"BreadcrumbList","@id":"https:\/\/new.thehealthyworker.co\/es\/covid\/#breadcrumb","itemListElement":[{"@type":"ListItem","position":1,"name":"Home","item":"https:\/\/new.thehealthyworker.co\/es\/inicio\/"},{"@type":"ListItem","position":2,"name":"Covid"}]},{"@type":"WebSite","@id":"https:\/\/new.thehealthyworker.co\/es\/#website","url":"https:\/\/new.thehealthyworker.co\/es\/","name":"WSI Action Hosting - new.thehealthyworker.co","description":"Google Web Host","potentialAction":[{"@type":"SearchAction","target":{"@type":"EntryPoint","urlTemplate":"https:\/\/new.thehealthyworker.co\/es\/?s={search_term_string}"},"query-input":{"@type":"PropertyValueSpecification","valueRequired":true,"valueName":"search_term_string"}}],"inLanguage":"es"}]}},"_links":{"self":[{"href":"https:\/\/new.thehealthyworker.co\/es\/wp-json\/wp\/v2\/pages\/1363","targetHints":{"allow":["GET"]}}],"collection":[{"href":"https:\/\/new.thehealthyworker.co\/es\/wp-json\/wp\/v2\/pages"}],"about":[{"href":"https:\/\/new.thehealthyworker.co\/es\/wp-json\/wp\/v2\/types\/page"}],"author":[{"embeddable":true,"href":"https:\/\/new.thehealthyworker.co\/es\/wp-json\/wp\/v2\/users\/1"}],"replies":[{"embeddable":true,"href":"https:\/\/new.thehealthyworker.co\/es\/wp-json\/wp\/v2\/comments?post=1363"}],"version-history":[{"count":2,"href":"https:\/\/new.thehealthyworker.co\/es\/wp-json\/wp\/v2\/pages\/1363\/revisions"}],"predecessor-version":[{"id":1423,"href":"https:\/\/new.thehealthyworker.co\/es\/wp-json\/wp\/v2\/pages\/1363\/revisions\/1423"}],"wp:attachment":[{"href":"https:\/\/new.thehealthyworker.co\/es\/wp-json\/wp\/v2\/media?parent=1363"}],"curies":[{"name":"wp","href":"https:\/\/api.w.org\/{rel}","templated":true}]}}